{"id":117,"date":"2023-02-02T22:09:19","date_gmt":"2023-02-02T22:09:19","guid":{"rendered":"https:\/\/artisans-venise-en-quebec.com\/fr\/?page_id=117"},"modified":"2026-04-27T10:57:17","modified_gmt":"2026-04-27T14:57:17","slug":"accueil","status":"publish","type":"page","link":"https:\/\/artisans-venise-en-quebec.com\/fr\/","title":{"rendered":"Accueil"},"content":{"rendered":"<p>[et_pb_section fb_built=\u00a0\u00bb1&Prime; _builder_version=\u00a0\u00bb4.22.1&Prime; _module_preset=\u00a0\u00bbdefault\u00a0\u00bb background_image=\u00a0\u00bbhttps:\/\/artisans-venise-en-quebec.com\/fr\/wp-content\/uploads\/2023\/09\/Exposants-1-03-09-2023.jpg\u00a0\u00bb background_enable_mask_style=\u00a0\u00bbon\u00a0\u00bb background_mask_style=\u00a0\u00bbcaret\u00a0\u00bb background_mask_color=\u00a0\u00bb#2A3B92&Prime; background_mask_aspect_ratio=\u00a0\u00bbsquare\u00a0\u00bb background_mask_size=\u00a0\u00bbcustom\u00a0\u00bb background_mask_width=\u00a0\u00bb84%\u00a0\u00bb background_mask_position=\u00a0\u00bbcenter_left\u00a0\u00bb width=\u00a0\u00bb100%\u00a0\u00bb min_height=\u00a0\u00bb695.9px\u00a0\u00bb custom_margin=\u00a0\u00bb-2px||||false|false\u00a0\u00bb custom_margin_tablet=\u00a0\u00bb-39px||0px||false|false\u00a0\u00bb custom_margin_phone=\u00a0\u00bb-39px||0px||false|false\u00a0\u00bb custom_margin_last_edited=\u00a0\u00bbon|desktop\u00a0\u00bb custom_padding=\u00a0\u00bb||||true|false\u00a0\u00bb top_divider_color=\u00a0\u00bb#000000&Prime; top_divider_height=\u00a0\u00bb165px\u00a0\u00bb top_divider_repeat=\u00a0\u00bb1x\u00a0\u00bb top_divider_arrangement=\u00a0\u00bbabove_content\u00a0\u00bb background_last_edited=\u00a0\u00bbon|phone\u00a0\u00bb background_mask_size_phone=\u00a0\u00bbstretch\u00a0\u00bb background_mask_height_phone=\u00a0\u00bb0%\u00a0\u00bb background_mask_horizontal_offset_phone=\u00a0\u00bb11%\u00a0\u00bb global_colors_info=\u00a0\u00bb{}\u00a0\u00bb][et_pb_row column_structure=\u00a0\u00bb1_2,1_4,1_4&Prime; use_custom_gutter=\u00a0\u00bbon\u00a0\u00bb gutter_width=\u00a0\u00bb4&Prime; _builder_version=\u00a0\u00bb4.19.5&Prime; _module_preset=\u00a0\u00bbdefault\u00a0\u00bb width=\u00a0\u00bb100%\u00a0\u00bb max_width=\u00a0\u00bb1428px\u00a0\u00bb global_colors_info=\u00a0\u00bb{}\u00a0\u00bb][et_pb_column type=\u00a0\u00bb1_2&Prime; _builder_version=\u00a0\u00bb4.19.5&Prime; _module_preset=\u00a0\u00bbdefault\u00a0\u00bb global_colors_info=\u00a0\u00bb{}\u00a0\u00bb][et_pb_image src=\u00a0\u00bbhttps:\/\/artisans-venise-en-quebec.com\/fr\/wp-content\/uploads\/2023\/02\/logo_entete-BLEU-2022.png\u00a0\u00bb title_text=\u00a0\u00bblogo_entete-BLEU-2022&Prime; _builder_version=\u00a0\u00bb4.19.5&Prime; _module_preset=\u00a0\u00bbdefault\u00a0\u00bb global_colors_info=\u00a0\u00bb{}\u00a0\u00bb][\/et_pb_image][\/et_pb_column][et_pb_column type=\u00a0\u00bb1_4&Prime; _builder_version=\u00a0\u00bb4.19.5&Prime; _module_preset=\u00a0\u00bbdefault\u00a0\u00bb global_colors_info=\u00a0\u00bb{}\u00a0\u00bb][\/et_pb_column][et_pb_column type=\u00a0\u00bb1_4&Prime; _builder_version=\u00a0\u00bb4.19.5&Prime; _module_preset=\u00a0\u00bbdefault\u00a0\u00bb global_colors_info=\u00a0\u00bb{}\u00a0\u00bb][\/et_pb_column][\/et_pb_row][\/et_pb_section][et_pb_section fb_built=\u00a0\u00bb1&Prime; _builder_version=\u00a0\u00bb4.19.5&Prime; _module_preset=\u00a0\u00bbdefault\u00a0\u00bb background_color=\u00a0\u00bb#FFF585&Prime; custom_padding=\u00a0\u00bb||0px|||\u00a0\u00bb top_divider_style=\u00a0\u00bbramp2&Prime; top_divider_color=\u00a0\u00bb#2A3B92&Prime; top_divider_height=\u00a0\u00bb54px\u00a0\u00bb bottom_divider_style=\u00a0\u00bbwave2&Prime; bottom_divider_color=\u00a0\u00bb#2A3B92&Prime; global_colors_info=\u00a0\u00bb{}\u00a0\u00bb][et_pb_row _builder_version=\u00a0\u00bb4.19.5&Prime; _module_preset=\u00a0\u00bbdefault\u00a0\u00bb width=\u00a0\u00bb100%\u00a0\u00bb custom_margin=\u00a0\u00bb-18px||||false|false\u00a0\u00bb global_colors_info=\u00a0\u00bb{}\u00a0\u00bb][et_pb_column type=\u00a0\u00bb4_4&Prime; _builder_version=\u00a0\u00bb4.19.5&Prime; _module_preset=\u00a0\u00bbdefault\u00a0\u00bb global_colors_info=\u00a0\u00bb{}\u00a0\u00bb][et_pb_cta title=\u00a0\u00bbArtisans Venise-en-Qu\u00e9bec \u00a0\u00bb button_text=\u00a0\u00bbClics\u00a0\u00bb _builder_version=\u00a0\u00bb4.19.5&Prime; _module_preset=\u00a0\u00bbdefault\u00a0\u00bb header_font=\u00a0\u00bb|700|||||||\u00a0\u00bb header_text_align=\u00a0\u00bbcenter\u00a0\u00bb header_text_color=\u00a0\u00bb#2A3B92&Prime; header_font_size=\u00a0\u00bb50px\u00a0\u00bb body_font=\u00a0\u00bb|600|||||||\u00a0\u00bb body_text_color=\u00a0\u00bb#000000&Prime; body_font_size=\u00a0\u00bb29px\u00a0\u00bb background_color=\u00a0\u00bbRGBA(255,255,255,0)\u00a0\u00bb global_colors_info=\u00a0\u00bb{}\u00a0\u00bb][\/et_pb_cta][\/et_pb_column][\/et_pb_row][\/et_pb_section][et_pb_section fb_built=\u00a0\u00bb1&Prime; _builder_version=\u00a0\u00bb4.19.5&Prime; _module_preset=\u00a0\u00bbdefault\u00a0\u00bb custom_padding=\u00a0\u00bb13px|1px||||\u00a0\u00bb global_colors_info=\u00a0\u00bb{}\u00a0\u00bb][et_pb_row _builder_version=\u00a0\u00bb4.27.6&Prime; _module_preset=\u00a0\u00bbdefault\u00a0\u00bb width=\u00a0\u00bb70%\u00a0\u00bb custom_padding=\u00a0\u00bb10px|||||\u00a0\u00bb hover_enabled=\u00a0\u00bb0&Prime; global_colors_info=\u00a0\u00bb{}\u00a0\u00bb column_structure=\u00a0\u00bb1_2,1_2&Prime; link_option_url=\u00a0\u00bbhttps:\/\/artisans-venise-en-quebec.com\/fr\/invitation-2026\/\u00a0\u00bb sticky_enabled=\u00a0\u00bb0&Prime;][et_pb_column type=\u00a0\u00bb1_2&Prime; _builder_version=\u00a0\u00bb4.27.4&Prime; _module_preset=\u00a0\u00bbdefault\u00a0\u00bb global_colors_info=\u00a0\u00bb{}\u00a0\u00bb][et_pb_image src=\u00a0\u00bbhttps:\/\/artisans-venise-en-quebec.com\/fr\/wp-content\/uploads\/2026\/03\/pub-facebook1-2026-RDV.png\u00a0\u00bb _builder_version=\u00a0\u00bb4.27.6&Prime; _module_preset=\u00a0\u00bbdefault\u00a0\u00bb title_text=\u00a0\u00bbpub facebook1 2026 RDV\u00a0\u00bb hover_enabled=\u00a0\u00bb0&Prime; sticky_enabled=\u00a0\u00bb0&Prime;][\/et_pb_image][\/et_pb_column][et_pb_column type=\u00a0\u00bb1_2&Prime; _builder_version=\u00a0\u00bb4.27.4&Prime; _module_preset=\u00a0\u00bbdefault\u00a0\u00bb global_colors_info=\u00a0\u00bb{}\u00a0\u00bb][et_pb_image src=\u00a0\u00bbhttps:\/\/artisans-venise-en-quebec.com\/fr\/wp-content\/uploads\/2026\/04\/pub2026rdv-artisans-facebook-auteur.png\u00a0\u00bb _builder_version=\u00a0\u00bb4.27.6&Prime; _module_preset=\u00a0\u00bbdefault\u00a0\u00bb title_text=\u00a0\u00bbpub2026rdv artisans facebook -auteur\u00a0\u00bb hover_enabled=\u00a0\u00bb0&Prime; sticky_enabled=\u00a0\u00bb0&Prime;][\/et_pb_image][\/et_pb_column][\/et_pb_row][et_pb_row _builder_version=\u00a0\u00bb4.27.4&Prime; _module_preset=\u00a0\u00bbdefault\u00a0\u00bb width=\u00a0\u00bb70%\u00a0\u00bb global_colors_info=\u00a0\u00bb{}\u00a0\u00bb][et_pb_column type=\u00a0\u00bb4_4&Prime; _builder_version=\u00a0\u00bb4.22.2&Prime; _module_preset=\u00a0\u00bbdefault\u00a0\u00bb global_colors_info=\u00a0\u00bb{}\u00a0\u00bb][et_pb_text _builder_version=\u00a0\u00bb4.27.6&Prime; _module_preset=\u00a0\u00bbdefault\u00a0\u00bb background_color=\u00a0\u00bb#FFF585&Prime; hover_enabled=\u00a0\u00bb0&Prime; global_colors_info=\u00a0\u00bb{}\u00a0\u00bb sticky_enabled=\u00a0\u00bb0&Prime;]<\/p>\n<h3><strong>Lien pour l&rsquo;invitation \u00e0 lire au complet svp:\u00a0 <a href=\"https:\/\/artisans-venise-en-quebec.com\/fr\/invitation-2026\/\">Invitation 2026 | Artisans Venise-en-Qu\u00e9bec<\/a><\/strong><\/h3>\n<p><strong><\/strong><\/p>\n<p>[\/et_pb_text][et_pb_countdown_timer title=\u00a0\u00bbLe compte \u00e0 rebours pour le March\u00e9 \u00a0\u00bb date_time=\u00a0\u00bb2026-06-27 10:00&Prime; disabled_on=\u00a0\u00bbon|off|off\u00a0\u00bb _builder_version=\u00a0\u00bb4.27.5&Prime; _module_preset=\u00a0\u00bbdefault\u00a0\u00bb header_font_size=\u00a0\u00bb23px\u00a0\u00bb numbers_font_size=\u00a0\u00bb68px\u00a0\u00bb background_color=\u00a0\u00bb#2A3B92&Prime; link_option_url=\u00a0\u00bbhttps:\/\/artisans-venise-en-quebec.com\/fr\/inscription-noel-2025\/\u00a0\u00bb border_radii=\u00a0\u00bbon|7px|7px|7px|7px\u00a0\u00bb box_shadow_style=\u00a0\u00bbpreset1&Prime; global_colors_info=\u00a0\u00bb{}\u00a0\u00bb][\/et_pb_countdown_timer][et_pb_text _builder_version=\u00a0\u00bb4.22.2&Prime; _module_preset=\u00a0\u00bbdefault\u00a0\u00bb background_color=\u00a0\u00bb#FFF585&Prime; custom_padding=\u00a0\u00bb|||15px|false|false\u00a0\u00bb global_colors_info=\u00a0\u00bb{}\u00a0\u00bb]<\/p>\n<h3>Bienvenue sur le site des artisans Venise-en-Qu\u00e9bec, votre rendez-vous incontournable pour d\u00e9couvrir les nombreux talents et de merveilleuses cr\u00e9ations. Nous sommes ravis de vous accueillir et de vous pr\u00e9senter une s\u00e9lection exceptionnelle d&rsquo;\u0153uvres d&rsquo;art et de divers produits artisanaux. Que vous soyez passionn\u00e9 par la poterie, la sculpture, la peinture ou tout autre m\u00e9tier d&rsquo;art, notre exposition vous promet une exp\u00e9rience enrichissante et inspirante. Rejoignez-nous et plongez-vous dans l&rsquo;univers cr\u00e9atif qui vous est offert. Nous avons h\u00e2te de vous retrouver lors de notre prochain \u00e9v\u00e9nement.<\/h3>\n<p>[\/et_pb_text][\/et_pb_column][\/et_pb_row][et_pb_row _builder_version=\u00a0\u00bb4.19.5&Prime; _module_preset=\u00a0\u00bbdefault\u00a0\u00bb width=\u00a0\u00bb100%\u00a0\u00bb global_colors_info=\u00a0\u00bb{}\u00a0\u00bb][et_pb_column type=\u00a0\u00bb4_4&Prime; _builder_version=\u00a0\u00bb4.19.5&Prime; _module_preset=\u00a0\u00bbdefault\u00a0\u00bb global_colors_info=\u00a0\u00bb{}\u00a0\u00bb][et_pb_blog fullwidth=\u00a0\u00bboff\u00a0\u00bb include_categories=\u00a0\u00bb5,7&Prime; show_more=\u00a0\u00bbon\u00a0\u00bb masonry_tile_background_color=\u00a0\u00bbRGBA(255,255,255,0)\u00a0\u00bb _builder_version=\u00a0\u00bb4.19.5&Prime; _module_preset=\u00a0\u00bbdefault\u00a0\u00bb header_level=\u00a0\u00bbh3&Prime; header_font=\u00a0\u00bb||||||||\u00a0\u00bb header_text_color=\u00a0\u00bb#2A3B92&Prime; header_text_shadow_style=\u00a0\u00bbpreset1&Prime; border_radii=\u00a0\u00bbon|7px|7px|7px|7px\u00a0\u00bb global_colors_info=\u00a0\u00bb{}\u00a0\u00bb][\/et_pb_blog][\/et_pb_column][\/et_pb_row][et_pb_row _builder_version=\u00a0\u00bb4.19.5&Prime; _module_preset=\u00a0\u00bbdefault\u00a0\u00bb global_colors_info=\u00a0\u00bb{}\u00a0\u00bb][et_pb_column type=\u00a0\u00bb4_4&Prime; _builder_version=\u00a0\u00bb4.19.5&Prime; _module_preset=\u00a0\u00bbdefault\u00a0\u00bb global_colors_info=\u00a0\u00bb{}\u00a0\u00bb][et_pb_divider _builder_version=\u00a0\u00bb4.19.5&Prime; _module_preset=\u00a0\u00bbdefault\u00a0\u00bb global_colors_info=\u00a0\u00bb{}\u00a0\u00bb][\/et_pb_divider][\/et_pb_column][\/et_pb_row][\/et_pb_section]<\/p>\n","protected":false},"excerpt":{"rendered":"<p>Lien pour l&rsquo;invitation \u00e0 lire au complet svp:\u00a0 Invitation 2026 | Artisans Venise-en-Qu\u00e9bec Bienvenue sur le site des artisans Venise-en-Qu\u00e9bec, votre rendez-vous incontournable pour d\u00e9couvrir les nombreux talents et de merveilleuses cr\u00e9ations. Nous sommes ravis de vous accueillir et de vous pr\u00e9senter une s\u00e9lection exceptionnelle d&rsquo;\u0153uvres d&rsquo;art et de divers produits artisanaux. Que vous soyez [&hellip;]<\/p>\n","protected":false},"author":1,"featured_media":0,"parent":0,"menu_order":0,"comment_status":"closed","ping_status":"closed","template":"","meta":{"_et_pb_use_builder":"on","_et_pb_old_content":"","_et_gb_content_width":"","footnotes":""},"class_list":["post-117","page","type-page","status-publish","hentry"],"_links":{"self":[{"href":"https:\/\/artisans-venise-en-quebec.com\/fr\/wp-json\/wp\/v2\/pages\/117","targetHints":{"allow":["GET"]}}],"collection":[{"href":"https:\/\/artisans-venise-en-quebec.com\/fr\/wp-json\/wp\/v2\/pages"}],"about":[{"href":"https:\/\/artisans-venise-en-quebec.com\/fr\/wp-json\/wp\/v2\/types\/page"}],"author":[{"embeddable":true,"href":"https:\/\/artisans-venise-en-quebec.com\/fr\/wp-json\/wp\/v2\/users\/1"}],"replies":[{"embeddable":true,"href":"https:\/\/artisans-venise-en-quebec.com\/fr\/wp-json\/wp\/v2\/comments?post=117"}],"version-history":[{"count":126,"href":"https:\/\/artisans-venise-en-quebec.com\/fr\/wp-json\/wp\/v2\/pages\/117\/revisions"}],"predecessor-version":[{"id":2866,"href":"https:\/\/artisans-venise-en-quebec.com\/fr\/wp-json\/wp\/v2\/pages\/117\/revisions\/2866"}],"wp:attachment":[{"href":"https:\/\/artisans-venise-en-quebec.com\/fr\/wp-json\/wp\/v2\/media?parent=117"}],"curies":[{"name":"wp","href":"https:\/\/api.w.org\/{rel}","templated":true}]}}